{"id":9423,"date":"2022-07-25T11:39:01","date_gmt":"2022-07-25T09:39:01","guid":{"rendered":"https:\/\/www.elbacasavacanze.com\/porto-azzurro\/"},"modified":"2023-03-07T11:35:14","modified_gmt":"2023-03-07T10:35:14","slug":"porto-azzurro","status":"publish","type":"page","link":"https:\/\/www.elbacasavacanze.com\/de\/porto-azzurro\/","title":{"rendered":"Porto Azzurro"},"content":{"rendered":"\t\t<div data-elementor-type=\"wp-page\" data-elementor-id=\"9423\" class=\"elementor elementor-9423\">\n\t\t\t\t\t\t<section class=\"elementor-section elementor-top-section elementor-element elementor-element-30950b72 elementor-section-full_width elementor-section-height-min-height elementor-section-stretched elementor-section-height-default elementor-section-items-middle\" data-id=\"30950b72\" data-element_type=\"section\" data-settings=\"{&quot;stretch_section&quot;:&quot;section-stretched&quot;,&quot;background_background&quot;:&quot;classic&quot;}\">\n\t\t\t\t\t\t<div class=\"elementor-container elementor-column-gap-default\">\n\t\t\t\t\t<div class=\"elementor-column elementor-col-100 elementor-top-column elementor-element elementor-element-4e044c2c\" data-id=\"4e044c2c\" data-element_type=\"column\">\n\t\t\t<div class=\"elementor-widget-wrap elementor-element-populated\">\n\t\t\t\t\t\t<div class=\"elementor-element elementor-element-6aa09b3c elementor-widget elementor-widget-heading\" data-id=\"6aa09b3c\" data-element_type=\"widget\" data-widget_type=\"heading.default\">\n\t\t\t\t<div class=\"elementor-widget-container\">\n\t\t\t<h1 class=\"elementor-heading-title elementor-size-default\">PORTO AZZURRO<\/h1>\t\t<\/div>\n\t\t\t\t<\/div>\n\t\t\t\t\t<\/div>\n\t\t<\/div>\n\t\t\t\t\t<\/div>\n\t\t<\/section>\n\t\t\t\t<section class=\"elementor-section elementor-top-section elementor-element elementor-element-30ea12a elementor-section-stretched elementor-section-boxed elementor-section-height-default elementor-section-height-default\" data-id=\"30ea12a\" data-element_type=\"section\" data-settings=\"{&quot;stretch_section&quot;:&quot;section-stretched&quot;,&quot;background_background&quot;:&quot;classic&quot;}\">\n\t\t\t\t\t\t<div class=\"elementor-container elementor-column-gap-extended\">\n\t\t\t\t\t<div class=\"elementor-column elementor-col-100 elementor-top-column elementor-element elementor-element-f9a4057\" data-id=\"f9a4057\" data-element_type=\"column\">\n\t\t\t<div class=\"elementor-widget-wrap elementor-element-populated\">\n\t\t\t\t\t\t<div class=\"elementor-element elementor-element-f6d068a apus-heading-builder elementor-widget elementor-widget-heading\" data-id=\"f6d068a\" data-element_type=\"widget\" data-widget_type=\"heading.default\">\n\t\t\t\t<div class=\"elementor-widget-container\">\n\t\t\t<h2 class=\"elementor-heading-title elementor-size-default\">Porto Azzurro<\/h2>\t\t<\/div>\n\t\t\t\t<\/div>\n\t\t\t\t<div class=\"elementor-element elementor-element-ede5326 elementor-widget elementor-widget-text-editor\" data-id=\"ede5326\" data-element_type=\"widget\" data-widget_type=\"text-editor.default\">\n\t\t\t\t<div class=\"elementor-widget-container\">\n\t\t\t\t\t\t\t<p>Porto Azzurro ist eine Gemeinde mit 4585 Einwohnern, der urspr\u00fcngliche Name war Portolongone angesichts der betr\u00e4chtlichen L\u00e4nge der Bucht. Es wurde als Fischer- und Bauerndorf gegr\u00fcndet und war immer Piraten und Pl\u00fcnderern ausgeliefert.<\/p><p>Die Spanier im Jahr 1500, die es als St\u00fctzpunkt f\u00fcr ihre Herrschaft \u00fcber das n\u00f6rdliche Tyrrhenische Meer w\u00e4hlten, gaben den Bewohnern etwas Sicherheit und damit auch etwas Wohlstand und hinterlie\u00dfen einen sehr starken Eindruck ihres Einflusses, der noch heute im architektonischen Stil vieler Villen und sogar in vielen Nachnamen von Portazzurresi-Familien sichtbar ist.<\/p><p>Die Geschichte entwickelt sich mit einer Abfolge von Herrschaften: Franzosen, K\u00f6nigreich Neapel, Napoleon, Gro\u00dfherzogtum Toskana und schlie\u00dflich die Einheit Italiens. 1947, nach dem Zweiten Weltkrieg, baten die Einwohner von Portolongone um eine Namens\u00e4nderung in Porto Azzurro und bekamen die Erlaubnis.<\/p><p>Porto Azzurro ist noch heute ein Fischerdorf, das von der imposanten Festung spanischen Ursprungs aus dem 17. Jahrhundert dominiert wird. Dank der Beliebtheit bei den Touristen, ist es eines der lebendigsten Orte der Insel. Das pulsierende Herz des Dorfes ist die Piazza (Piazza Matteotti), die direkt am Meer liegt und zum Schauplatz vieler Sommerveranstaltungen wird. Die Strandpromenade und die Gassen des Zentrums werden von vielen Restaurants, Pizzerien und verschiedenen Gesch\u00e4ften belebt.<\/p><p>Am Ende der Strandpromenade beginnt eine sch\u00f6ne Promenade, die Passeggiata Carmignani, die Porto Azzurro mit Barbarossa verbindet, die unterhalb der Mauern der spanischen Festung einige wirklich einzigartige Ausblicke bietet. Diese Promenade wurde mit B\u00e4nken und auch Nachtbeleuchtung ausgestattet und ist f\u00fcr alle Altersgruppen geeignet.<\/p><p>Orte von historischem und naturalistischem Interesse, die man nicht verpassen sollte: Festung Longone, Festung Focardo, Kloster von Monserrato, der See von Terranera, der Monte della Croce (Monte Mar di Capanne &#8211; Berg) und Monte Castello (Berg).<\/p>\t\t\t\t\t\t<\/div>\n\t\t\t\t<\/div>\n\t\t\t\t\t<\/div>\n\t\t<\/div>\n\t\t\t\t\t<\/div>\n\t\t<\/section>\n\t\t\t\t<section class=\"elementor-section elementor-top-section elementor-element elementor-element-127c222 elementor-section-full_width elementor-section-stretched elementor-section-height-default elementor-section-height-default\" data-id=\"127c222\" data-element_type=\"section\" data-settings=\"{&quot;stretch_section&quot;:&quot;section-stretched&quot;}\">\n\t\t\t\t\t\t<div class=\"elementor-container elementor-column-gap-default\">\n\t\t\t\t\t<div class=\"elementor-column elementor-col-100 elementor-top-column elementor-element elementor-element-5b08127\" data-id=\"5b08127\" data-element_type=\"column\">\n\t\t\t<div class=\"elementor-widget-wrap elementor-element-populated\">\n\t\t\t\t\t\t<div class=\"elementor-element elementor-element-24aaf3e gallery-spacing-custom apus-gallery-h1 elementor-widget elementor-widget-image-gallery\" data-id=\"24aaf3e\" data-element_type=\"widget\" data-widget_type=\"image-gallery.default\">\n\t\t\t\t<div class=\"elementor-widget-container\">\n\t\t\t\t\t<div class=\"elementor-image-gallery\">\n\t\t\t<div id='gallery-1' class='gallery galleryid-9423 gallery-columns-3 gallery-size-abolire-gallery-rectangle'><figure class='gallery-item'>\n\t\t\t<div class='gallery-icon landscape'>\n\t\t\t\t<a data-elementor-open-lightbox=\"yes\" data-elementor-lightbox-slideshow=\"24aaf3e\" data-e-action-hash=\"#elementor-action%3Aaction%3Dlightbox%26settings%3DeyJpZCI6OTIzNywidXJsIjoiaHR0cHM6XC9cL3d3dy5lbGJhY2FzYXZhY2FuemUuY29tXC93cC1jb250ZW50XC91cGxvYWRzXC8yMDIyXC8wN1wvcG9ydG8tYXp6dXJyby0xLmpwZyIsInNsaWRlc2hvdyI6IjI0YWFmM2UifQ%3D%3D\" href='https:\/\/www.elbacasavacanze.com\/wp-content\/uploads\/2022\/07\/porto-azzurro-1.jpg'><img fetchpriority=\"high\" decoding=\"async\" width=\"768\" height=\"857\" src=\"https:\/\/www.elbacasavacanze.com\/wp-content\/uploads\/2022\/07\/porto-azzurro-1-768x857.jpg\" class=\"attachment-abolire-gallery-rectangle size-abolire-gallery-rectangle\" alt=\"\" aria-describedby=\"gallery-1-9237\" \/><\/a>\n\t\t\t<\/div>\n\t\t\t\t<figcaption class='wp-caption-text gallery-caption' id='gallery-1-9237'>\n\t\t\t\tPanorama di Porto Azzurro da Monte Castello\n\t\t\t\t<\/figcaption><\/figure><figure class='gallery-item'>\n\t\t\t<div class='gallery-icon portrait'>\n\t\t\t\t<a data-elementor-open-lightbox=\"yes\" data-elementor-lightbox-slideshow=\"24aaf3e\" data-e-action-hash=\"#elementor-action%3Aaction%3Dlightbox%26settings%3DeyJpZCI6OTIzNSwidXJsIjoiaHR0cHM6XC9cL3d3dy5lbGJhY2FzYXZhY2FuemUuY29tXC93cC1jb250ZW50XC91cGxvYWRzXC8yMDIyXC8wN1wvZ29sZm8tcGEuanBnIiwic2xpZGVzaG93IjoiMjRhYWYzZSJ9\" href='https:\/\/www.elbacasavacanze.com\/wp-content\/uploads\/2022\/07\/golfo-pa.jpg'><img decoding=\"async\" width=\"768\" height=\"857\" src=\"https:\/\/www.elbacasavacanze.com\/wp-content\/uploads\/2022\/07\/golfo-pa-768x857.jpg\" class=\"attachment-abolire-gallery-rectangle size-abolire-gallery-rectangle\" alt=\"\" aria-describedby=\"gallery-1-9235\" \/><\/a>\n\t\t\t<\/div>\n\t\t\t\t<figcaption class='wp-caption-text gallery-caption' id='gallery-1-9235'>\n\t\t\t\tGolfo di Mola\n\t\t\t\t<\/figcaption><\/figure><figure class='gallery-item'>\n\t\t\t<div class='gallery-icon landscape'>\n\t\t\t\t<a data-elementor-open-lightbox=\"yes\" data-elementor-lightbox-slideshow=\"24aaf3e\" data-e-action-hash=\"#elementor-action%3Aaction%3Dlightbox%26settings%3DeyJpZCI6OTMzNSwidXJsIjoiaHR0cHM6XC9cL3d3dy5lbGJhY2FzYXZhY2FuemUuY29tXC93cC1jb250ZW50XC91cGxvYWRzXC8yMDIyXC8xMFwvcG9ydG8tYXp6dXJyby1kYWwtbWFyZS5qcGciLCJzbGlkZXNob3ciOiIyNGFhZjNlIn0%3D\" href='https:\/\/www.elbacasavacanze.com\/wp-content\/uploads\/2022\/10\/porto-azzurro-dal-mare.jpg'><img decoding=\"async\" width=\"768\" height=\"857\" src=\"https:\/\/www.elbacasavacanze.com\/wp-content\/uploads\/2022\/10\/porto-azzurro-dal-mare-768x857.jpg\" class=\"attachment-abolire-gallery-rectangle size-abolire-gallery-rectangle\" alt=\"\" aria-describedby=\"gallery-1-9335\" \/><\/a>\n\t\t\t<\/div>\n\t\t\t\t<figcaption class='wp-caption-text gallery-caption' id='gallery-1-9335'>\n\t\t\t\tPorto Azzurro dal mare\n\t\t\t\t<\/figcaption><\/figure><figure class='gallery-item'>\n\t\t\t<div class='gallery-icon landscape'>\n\t\t\t\t<a data-elementor-open-lightbox=\"yes\" data-elementor-lightbox-slideshow=\"24aaf3e\" data-e-action-hash=\"#elementor-action%3Aaction%3Dlightbox%26settings%3DeyJpZCI6OTMzNywidXJsIjoiaHR0cHM6XC9cL3d3dy5lbGJhY2FzYXZhY2FuemUuY29tXC93cC1jb250ZW50XC91cGxvYWRzXC8yMDIyXC8xMFwvcGlhenphLXBvcnRvLWF6enVycm8uanBnIiwic2xpZGVzaG93IjoiMjRhYWYzZSJ9\" href='https:\/\/www.elbacasavacanze.com\/wp-content\/uploads\/2022\/10\/piazza-porto-azzurro.jpg'><img loading=\"lazy\" decoding=\"async\" width=\"768\" height=\"857\" src=\"https:\/\/www.elbacasavacanze.com\/wp-content\/uploads\/2022\/10\/piazza-porto-azzurro-768x857.jpg\" class=\"attachment-abolire-gallery-rectangle size-abolire-gallery-rectangle\" alt=\"\" aria-describedby=\"gallery-1-9337\" \/><\/a>\n\t\t\t<\/div>\n\t\t\t\t<figcaption class='wp-caption-text gallery-caption' id='gallery-1-9337'>\n\t\t\t\tPiazza di Porto Azzurro\n\t\t\t\t<\/figcaption><\/figure><figure class='gallery-item'>\n\t\t\t<div class='gallery-icon landscape'>\n\t\t\t\t<a data-elementor-open-lightbox=\"yes\" data-elementor-lightbox-slideshow=\"24aaf3e\" data-e-action-hash=\"#elementor-action%3Aaction%3Dlightbox%26settings%3DeyJpZCI6OTMzOSwidXJsIjoiaHR0cHM6XC9cL3d3dy5lbGJhY2FzYXZhY2FuemUuY29tXC93cC1jb250ZW50XC91cGxvYWRzXC8yMDIyXC8xMFwvc2NhbGV0dGUtc2FuLWdpb3Zhbm5pLmpwZyIsInNsaWRlc2hvdyI6IjI0YWFmM2UifQ%3D%3D\" href='https:\/\/www.elbacasavacanze.com\/wp-content\/uploads\/2022\/10\/scalette-san-giovanni.jpg'><img loading=\"lazy\" decoding=\"async\" width=\"768\" height=\"857\" src=\"https:\/\/www.elbacasavacanze.com\/wp-content\/uploads\/2022\/10\/scalette-san-giovanni-768x857.jpg\" class=\"attachment-abolire-gallery-rectangle size-abolire-gallery-rectangle\" alt=\"\" aria-describedby=\"gallery-1-9339\" \/><\/a>\n\t\t\t<\/div>\n\t\t\t\t<figcaption class='wp-caption-text gallery-caption' id='gallery-1-9339'>\n\t\t\t\tPanorama da scalinata San Giovanni\n\t\t\t\t<\/figcaption><\/figure><figure class='gallery-item'>\n\t\t\t<div class='gallery-icon portrait'>\n\t\t\t\t<a data-elementor-open-lightbox=\"yes\" data-elementor-lightbox-slideshow=\"24aaf3e\" data-e-action-hash=\"#elementor-action%3Aaction%3Dlightbox%26settings%3DeyJpZCI6OTM0MSwidXJsIjoiaHR0cHM6XC9cL3d3dy5lbGJhY2FzYXZhY2FuemUuY29tXC93cC1jb250ZW50XC91cGxvYWRzXC8yMDIyXC8xMFwvbW9udGUtZGVsbGEtY3JvY2UuanBnIiwic2xpZGVzaG93IjoiMjRhYWYzZSJ9\" href='https:\/\/www.elbacasavacanze.com\/wp-content\/uploads\/2022\/10\/monte-della-croce.jpg'><img loading=\"lazy\" decoding=\"async\" width=\"768\" height=\"857\" src=\"https:\/\/www.elbacasavacanze.com\/wp-content\/uploads\/2022\/10\/monte-della-croce-768x857.jpg\" class=\"attachment-abolire-gallery-rectangle size-abolire-gallery-rectangle\" alt=\"\" aria-describedby=\"gallery-1-9341\" \/><\/a>\n\t\t\t<\/div>\n\t\t\t\t<figcaption class='wp-caption-text gallery-caption' id='gallery-1-9341'>\n\t\t\t\tMonte della Croce\n\t\t\t\t<\/figcaption><\/figure><figure class='gallery-item'>\n\t\t\t<div class='gallery-icon portrait'>\n\t\t\t\t<a data-elementor-open-lightbox=\"yes\" data-elementor-lightbox-slideshow=\"24aaf3e\" data-e-action-hash=\"#elementor-action%3Aaction%3Dlightbox%26settings%3DeyJpZCI6OTM0MywidXJsIjoiaHR0cHM6XC9cL3d3dy5lbGJhY2FzYXZhY2FuemUuY29tXC93cC1jb250ZW50XC91cGxvYWRzXC8yMDIyXC8xMFwvbWFyaW5hLXBvcnRvLWF6enVycm8uanBnIiwic2xpZGVzaG93IjoiMjRhYWYzZSJ9\" href='https:\/\/www.elbacasavacanze.com\/wp-content\/uploads\/2022\/10\/marina-porto-azzurro.jpg'><img loading=\"lazy\" decoding=\"async\" width=\"768\" height=\"857\" src=\"https:\/\/www.elbacasavacanze.com\/wp-content\/uploads\/2022\/10\/marina-porto-azzurro-768x857.jpg\" class=\"attachment-abolire-gallery-rectangle size-abolire-gallery-rectangle\" alt=\"\" aria-describedby=\"gallery-1-9343\" \/><\/a>\n\t\t\t<\/div>\n\t\t\t\t<figcaption class='wp-caption-text gallery-caption' id='gallery-1-9343'>\n\t\t\t\tGolfo di Mola al tramonto\n\t\t\t\t<\/figcaption><\/figure><figure class='gallery-item'>\n\t\t\t<div class='gallery-icon landscape'>\n\t\t\t\t<a data-elementor-open-lightbox=\"yes\" data-elementor-lightbox-slideshow=\"24aaf3e\" data-e-action-hash=\"#elementor-action%3Aaction%3Dlightbox%26settings%3DeyJpZCI6OTM0NywidXJsIjoiaHR0cHM6XC9cL3d3dy5lbGJhY2FzYXZhY2FuemUuY29tXC93cC1jb250ZW50XC91cGxvYWRzXC8yMDIyXC8xMFwvc2NhbGV0dGUtc2FuLWdpb3Zhbm5pLW5vdHR1cm5hLmpwZyIsInNsaWRlc2hvdyI6IjI0YWFmM2UifQ%3D%3D\" href='https:\/\/www.elbacasavacanze.com\/wp-content\/uploads\/2022\/10\/scalette-san-giovanni-notturna.jpg'><img loading=\"lazy\" decoding=\"async\" width=\"768\" height=\"857\" src=\"https:\/\/www.elbacasavacanze.com\/wp-content\/uploads\/2022\/10\/scalette-san-giovanni-notturna-768x857.jpg\" class=\"attachment-abolire-gallery-rectangle size-abolire-gallery-rectangle\" alt=\"\" aria-describedby=\"gallery-1-9347\" \/><\/a>\n\t\t\t<\/div>\n\t\t\t\t<figcaption class='wp-caption-text gallery-caption' id='gallery-1-9347'>\n\t\t\t\tScalinata San Giovanni, scorciatoia per Porto Azzurro\n\t\t\t\t<\/figcaption><\/figure><figure class='gallery-item'>\n\t\t\t<div class='gallery-icon portrait'>\n\t\t\t\t<a data-elementor-open-lightbox=\"yes\" data-elementor-lightbox-slideshow=\"24aaf3e\" data-e-action-hash=\"#elementor-action%3Aaction%3Dlightbox%26settings%3DeyJpZCI6OTM0NSwidXJsIjoiaHR0cHM6XC9cL3d3dy5lbGJhY2FzYXZhY2FuemUuY29tXC93cC1jb250ZW50XC91cGxvYWRzXC8yMDIyXC8xMFwvcG9ydG8tYXp6dXJyby1kYWwtZm9ydGUuanBnIiwic2xpZGVzaG93IjoiMjRhYWYzZSJ9\" href='https:\/\/www.elbacasavacanze.com\/wp-content\/uploads\/2022\/10\/porto-azzurro-dal-forte.jpg'><img loading=\"lazy\" decoding=\"async\" width=\"768\" height=\"857\" src=\"https:\/\/www.elbacasavacanze.com\/wp-content\/uploads\/2022\/10\/porto-azzurro-dal-forte-768x857.jpg\" class=\"attachment-abolire-gallery-rectangle size-abolire-gallery-rectangle\" alt=\"\" aria-describedby=\"gallery-1-9345\" \/><\/a>\n\t\t\t<\/div>\n\t\t\t\t<figcaption class='wp-caption-text gallery-caption' id='gallery-1-9345'>\n\t\t\t\tPanorama da Forte San Giacomo\n\t\t\t\t<\/figcaption><\/figure>\n\t\t<\/div>\n\t\t<\/div>\n\t\t\t\t<\/div>\n\t\t\t\t<\/div>\n\t\t\t\t\t<\/div>\n\t\t<\/div>\n\t\t\t\t\t<\/div>\n\t\t<\/section>\n\t\t\t\t<section class=\"elementor-section elementor-top-section elementor-element elementor-element-e34cffb elementor-section-stretched elementor-section-full_width apus-featured-properties elementor-section-height-default elementor-section-height-default\" data-id=\"e34cffb\" data-element_type=\"section\" data-settings=\"{&quot;stretch_section&quot;:&quot;section-stretched&quot;,&quot;background_background&quot;:&quot;classic&quot;}\">\n\t\t\t\t\t\t<div class=\"elementor-container elementor-column-gap-extended\">\n\t\t\t\t\t<div class=\"elementor-column elementor-col-50 elementor-top-column elementor-element elementor-element-f0ede56 apus-featured-content\" data-id=\"f0ede56\" data-element_type=\"column\" data-settings=\"{&quot;background_background&quot;:&quot;classic&quot;}\">\n\t\t\t<div class=\"elementor-widget-wrap elementor-element-populated\">\n\t\t\t\t\t\t<div class=\"elementor-element elementor-element-e1c7e3f apus-heading-featured elementor-widget elementor-widget-heading\" data-id=\"e1c7e3f\" data-element_type=\"widget\" data-widget_type=\"heading.default\">\n\t\t\t\t<div class=\"elementor-widget-container\">\n\t\t\t<h2 class=\"elementor-heading-title elementor-size-default\">Festung Longone<\/h2>\t\t<\/div>\n\t\t\t\t<\/div>\n\t\t\t\t<div class=\"elementor-element elementor-element-cb87c47 elementor-widget elementor-widget-text-editor\" data-id=\"cb87c47\" data-element_type=\"widget\" data-widget_type=\"text-editor.default\">\n\t\t\t\t<div class=\"elementor-widget-container\">\n\t\t\t\t\t\t\t<p>Der imposante Festungskomplex wurde von den Spaniern zu Beginn des 17. Jahrhunderts erbaut, um das K\u00fcstenverteidigungssystem des Stato dei Presidi (Staates der Festungen) zu verst\u00e4rken, dessen Territorium auch einen Teil der Ost- und S\u00fcdk\u00fcste der Insel umfasste. Die gesamte befestigte Struktur wurde in nur zwei Jahren, zwischen 1603 und 1605, gebaut. Die urspr\u00fcnglichen Funktionen der Sichtung und Verteidigung wurden bis zur Mitte des neunzehnten Jahrhunderts durchgef\u00fchrt, bis die milit\u00e4rische Struktur nach und nach aufgegeben wurde, um in ein Gef\u00e4ngnis umgewandelt zu werden, eine Funktion, die sie noch heute aus\u00fcbt.<\/p><p>Im Inneren der Festung befinden sich verschiedene Geb\u00e4ude, in denen fr\u00fcher der Gouverneurspalast, drei Pulverkammern, eine Waffenkammer, die Garnisonsunterk\u00fcnfte, einige Lagerhallen, ein Krankenhaus und eine Windm\u00fchle untergebracht waren. Im Bereich innerhalb des befestigten Komplexes wurden auch zwei Kirchen gebaut, die Kirche San Giacomo Maggiore im Barockstil sowie die Kapelle Santa Barbara auf der Piazza d\u2019Armi.<\/p>\t\t\t\t\t\t<\/div>\n\t\t\t\t<\/div>\n\t\t\t\t\t<\/div>\n\t\t<\/div>\n\t\t\t\t<div class=\"elementor-column elementor-col-50 elementor-top-column elementor-element elementor-element-4a32e08\" data-id=\"4a32e08\" data-element_type=\"column\">\n\t\t\t<div class=\"elementor-widget-wrap elementor-element-populated\">\n\t\t\t\t\t\t<div class=\"elementor-element elementor-element-fedb9bd elementor-widget elementor-widget-image\" data-id=\"fedb9bd\" data-element_type=\"widget\" data-widget_type=\"image.default\">\n\t\t\t\t<div class=\"elementor-widget-container\">\n\t\t\t\t\t\t\t\t\t\t\t\t\t<img loading=\"lazy\" decoding=\"async\" width=\"1280\" height=\"853\" src=\"https:\/\/www.elbacasavacanze.com\/wp-content\/uploads\/2022\/07\/forte-san-giacomo-ie.jpeg\" class=\"attachment-full size-full wp-image-8200\" alt=\"\" srcset=\"https:\/\/www.elbacasavacanze.com\/wp-content\/uploads\/2022\/07\/forte-san-giacomo-ie.jpeg 1280w, https:\/\/www.elbacasavacanze.com\/wp-content\/uploads\/2022\/07\/forte-san-giacomo-ie-300x200.jpeg 300w, https:\/\/www.elbacasavacanze.com\/wp-content\/uploads\/2022\/07\/forte-san-giacomo-ie-1024x682.jpeg 1024w, https:\/\/www.elbacasavacanze.com\/wp-content\/uploads\/2022\/07\/forte-san-giacomo-ie-768x512.jpeg 768w, https:\/\/www.elbacasavacanze.com\/wp-content\/uploads\/2022\/07\/forte-san-giacomo-ie-1200x800.jpeg 1200w\" sizes=\"(max-width: 1280px) 100vw, 1280px\" \/>\t\t\t\t\t\t\t\t\t\t\t\t\t<\/div>\n\t\t\t\t<\/div>\n\t\t\t\t\t<\/div>\n\t\t<\/div>\n\t\t\t\t\t<\/div>\n\t\t<\/section>\n\t\t\t\t<section class=\"elementor-section elementor-top-section elementor-element elementor-element-fe83683 elementor-section-stretched elementor-section-full_width apus-featured-properties elementor-section-height-default elementor-section-height-default\" data-id=\"fe83683\" data-element_type=\"section\" data-settings=\"{&quot;stretch_section&quot;:&quot;section-stretched&quot;,&quot;background_background&quot;:&quot;classic&quot;}\">\n\t\t\t\t\t\t<div class=\"elementor-container elementor-column-gap-extended\">\n\t\t\t\t\t<div class=\"elementor-column elementor-col-50 elementor-top-column elementor-element elementor-element-9cdaa02\" data-id=\"9cdaa02\" data-element_type=\"column\">\n\t\t\t<div class=\"elementor-widget-wrap elementor-element-populated\">\n\t\t\t\t\t\t<div class=\"elementor-element elementor-element-05d3e7c elementor-widget elementor-widget-image\" data-id=\"05d3e7c\" data-element_type=\"widget\" data-widget_type=\"image.default\">\n\t\t\t\t<div class=\"elementor-widget-container\">\n\t\t\t\t\t\t\t\t\t\t\t\t\t<img loading=\"lazy\" decoding=\"async\" width=\"1280\" height=\"853\" src=\"https:\/\/www.elbacasavacanze.com\/wp-content\/uploads\/2022\/07\/forte-focardo-ie.jpeg\" class=\"attachment-full size-full wp-image-8204\" alt=\"\" srcset=\"https:\/\/www.elbacasavacanze.com\/wp-content\/uploads\/2022\/07\/forte-focardo-ie.jpeg 1280w, https:\/\/www.elbacasavacanze.com\/wp-content\/uploads\/2022\/07\/forte-focardo-ie-300x200.jpeg 300w, https:\/\/www.elbacasavacanze.com\/wp-content\/uploads\/2022\/07\/forte-focardo-ie-1024x682.jpeg 1024w, https:\/\/www.elbacasavacanze.com\/wp-content\/uploads\/2022\/07\/forte-focardo-ie-768x512.jpeg 768w, https:\/\/www.elbacasavacanze.com\/wp-content\/uploads\/2022\/07\/forte-focardo-ie-1200x800.jpeg 1200w\" sizes=\"(max-width: 1280px) 100vw, 1280px\" \/>\t\t\t\t\t\t\t\t\t\t\t\t\t<\/div>\n\t\t\t\t<\/div>\n\t\t\t\t\t<\/div>\n\t\t<\/div>\n\t\t\t\t<div class=\"elementor-column elementor-col-50 elementor-top-column elementor-element elementor-element-9e1c064 apus-featured-content\" data-id=\"9e1c064\" data-element_type=\"column\" data-settings=\"{&quot;background_background&quot;:&quot;classic&quot;}\">\n\t\t\t<div class=\"elementor-widget-wrap elementor-element-populated\">\n\t\t\t\t\t\t<div class=\"elementor-element elementor-element-3570f4a apus-heading-featured elementor-widget elementor-widget-heading\" data-id=\"3570f4a\" data-element_type=\"widget\" data-widget_type=\"heading.default\">\n\t\t\t\t<div class=\"elementor-widget-container\">\n\t\t\t<h2 class=\"elementor-heading-title elementor-size-default\">Festung Focardo<\/h2>\t\t<\/div>\n\t\t\t\t<\/div>\n\t\t\t\t<div class=\"elementor-element elementor-element-bef03a2 elementor-widget elementor-widget-text-editor\" data-id=\"bef03a2\" data-element_type=\"widget\" data-widget_type=\"text-editor.default\">\n\t\t\t\t<div class=\"elementor-widget-container\">\n\t\t\t\t\t\t\t<p>Der imposante Festungskomplex wurde im 17. Jahrhundert, genauer gesagt 1678, vom Gouverneur Don Fernando Focardi oder Foxardo errichtet, um das Verteidigungssystem des Stato dei Presidi (Staates der Festungen) auszubauen.<\/p><p>Heute beherbergt die Festung Focardo den Leuchtturm von Capo Focardo der Marine, der aus einem achteckigen Turm aus rosa Kalkstein und den Unterk\u00fcnften des Personals der Marine besteht.<\/p>\t\t\t\t\t\t<\/div>\n\t\t\t\t<\/div>\n\t\t\t\t\t<\/div>\n\t\t<\/div>\n\t\t\t\t\t<\/div>\n\t\t<\/section>\n\t\t\t\t<section class=\"elementor-section elementor-top-section elementor-element elementor-element-2c62fd2 elementor-section-stretched elementor-section-full_width apus-featured-properties elementor-section-height-default elementor-section-height-default\" data-id=\"2c62fd2\" data-element_type=\"section\" data-settings=\"{&quot;stretch_section&quot;:&quot;section-stretched&quot;,&quot;background_background&quot;:&quot;classic&quot;}\">\n\t\t\t\t\t\t<div class=\"elementor-container elementor-column-gap-extended\">\n\t\t\t\t\t<div class=\"elementor-column elementor-col-50 elementor-top-column elementor-element elementor-element-d7aeb0c apus-featured-content\" data-id=\"d7aeb0c\" data-element_type=\"column\" data-settings=\"{&quot;background_background&quot;:&quot;classic&quot;}\">\n\t\t\t<div class=\"elementor-widget-wrap elementor-element-populated\">\n\t\t\t\t\t\t<div class=\"elementor-element elementor-element-c033527 apus-heading-featured elementor-widget elementor-widget-heading\" data-id=\"c033527\" data-element_type=\"widget\" data-widget_type=\"heading.default\">\n\t\t\t\t<div class=\"elementor-widget-container\">\n\t\t\t<h2 class=\"elementor-heading-title elementor-size-default\">Kirche von Monserrato<\/h2>\t\t<\/div>\n\t\t\t\t<\/div>\n\t\t\t\t<div class=\"elementor-element elementor-element-1d34741 elementor-widget elementor-widget-text-editor\" data-id=\"1d34741\" data-element_type=\"widget\" data-widget_type=\"text-editor.default\">\n\t\t\t\t<div class=\"elementor-widget-container\">\n\t\t\t\t\t\t\t<p>Die Wallfahrtskirche Madonna di Monserrato ist ein heiliges Geb\u00e4ude, das sich auf der Insel Elba in der Ortschaft Monserrato in der N\u00e4he von Porto Azzurro befindet, in der Mitte des Tals, das sich zwischen dem Monte Castello und der Cima del Monte \u00f6ffnet.<\/p><p>Die Wallfahrtskirche wurde 1606 auf Befehl des ersten spanischen Gouverneurs von Longone, Don Jos\u00e9 Pons y Le\u00f3n, errichtet, der auch die Kopie des Bildes der Madonna (Nuestra Se\u00f1ora Morena) in Auftrag gab, das von einem unbekannten Autor in Nachahmung des Bildes des Klosters Montserrat bei Barcelona angefertigt wurde, ein Geb\u00e4ude, das in einem sehr \u00e4hnlichen landschaftlichen Kontext errichtet wurde. Die Einfl\u00fcsse der architektonischen Kultur des iberischen Barocks spiegeln sich in den Dekorationen wider, die die Oberfl\u00e4chen beleben.<\/p><p>Interessant ist die Wanddekoration der Sakristei und der angrenzenden R\u00e4ume mit ockerfarbenen Pflanzenranken, auf denen bemalte Kartuschen aus dem 18. Jahrhundert in lateinischer Sprache mit Zitaten aus verschiedenen literarischen Werken wie der Genesis und der Aeneis hervorstechen. Der hintere Teil der Kirche wurde zusammen mit der heutigen Fassade 1768 errichtet. Napoleon Bonaparte besuchte im September 1814 die Wallfahrtskirche. Die Obhut durch die Eremiten, die mit dem Bau der Wallfahrtskirche begann, endete 1866.<\/p>\t\t\t\t\t\t<\/div>\n\t\t\t\t<\/div>\n\t\t\t\t\t<\/div>\n\t\t<\/div>\n\t\t\t\t<div class=\"elementor-column elementor-col-50 elementor-top-column elementor-element elementor-element-aeb4c0e\" data-id=\"aeb4c0e\" data-element_type=\"column\">\n\t\t\t<div class=\"elementor-widget-wrap elementor-element-populated\">\n\t\t\t\t\t\t<div class=\"elementor-element elementor-element-712dd4e elementor-widget elementor-widget-image\" data-id=\"712dd4e\" data-element_type=\"widget\" data-widget_type=\"image.default\">\n\t\t\t\t<div class=\"elementor-widget-container\">\n\t\t\t\t\t\t\t\t\t\t\t\t\t<img loading=\"lazy\" decoding=\"async\" width=\"1920\" height=\"1440\" src=\"https:\/\/www.elbacasavacanze.com\/wp-content\/uploads\/2022\/07\/chiesa-monserrato.jpg\" class=\"attachment-full size-full wp-image-8196\" alt=\"\" srcset=\"https:\/\/www.elbacasavacanze.com\/wp-content\/uploads\/2022\/07\/chiesa-monserrato.jpg 1920w, https:\/\/www.elbacasavacanze.com\/wp-content\/uploads\/2022\/07\/chiesa-monserrato-300x225.jpg 300w, https:\/\/www.elbacasavacanze.com\/wp-content\/uploads\/2022\/07\/chiesa-monserrato-1024x768.jpg 1024w, https:\/\/www.elbacasavacanze.com\/wp-content\/uploads\/2022\/07\/chiesa-monserrato-768x576.jpg 768w, https:\/\/www.elbacasavacanze.com\/wp-content\/uploads\/2022\/07\/chiesa-monserrato-1536x1152.jpg 1536w\" sizes=\"(max-width: 1920px) 100vw, 1920px\" \/>\t\t\t\t\t\t\t\t\t\t\t\t\t<\/div>\n\t\t\t\t<\/div>\n\t\t\t\t\t<\/div>\n\t\t<\/div>\n\t\t\t\t\t<\/div>\n\t\t<\/section>\n\t\t\t\t<\/div>\n\t\t","protected":false},"excerpt":{"rendered":"<p>PORTO AZZURRO Porto Azzurro Porto Azzurro ist eine Gemeinde mit 4585 Einwohnern, der urspr\u00fcngliche Name war Portolongone angesichts der betr\u00e4chtlichen L\u00e4nge der Bucht. Es wurde als Fischer- und Bauerndorf gegr\u00fcndet und war immer Piraten und Pl\u00fcnderern ausgeliefert. Die Spanier im Jahr 1500, die es als St\u00fctzpunkt f\u00fcr ihre Herrschaft \u00fcber das n\u00f6rdliche Tyrrhenische Meer w\u00e4hlten, &hellip; <br \/><a href=\"https:\/\/www.elbacasavacanze.com\/de\/porto-azzurro\/\" class=\"more-link\">Continue reading <span class=\"screen-reader-text\">Porto Azzurro<\/span><\/a><\/p>\n","protected":false},"author":2,"featured_media":0,"parent":0,"menu_order":0,"comment_status":"closed","ping_status":"closed","template":"","meta":{"footnotes":""},"class_list":["post-9423","page","type-page","status-publish","hentry"],"_links":{"self":[{"href":"https:\/\/www.elbacasavacanze.com\/de\/wp-json\/wp\/v2\/pages\/9423","targetHints":{"allow":["GET"]}}],"collection":[{"href":"https:\/\/www.elbacasavacanze.com\/de\/wp-json\/wp\/v2\/pages"}],"about":[{"href":"https:\/\/www.elbacasavacanze.com\/de\/wp-json\/wp\/v2\/types\/page"}],"author":[{"embeddable":true,"href":"https:\/\/www.elbacasavacanze.com\/de\/wp-json\/wp\/v2\/users\/2"}],"replies":[{"embeddable":true,"href":"https:\/\/www.elbacasavacanze.com\/de\/wp-json\/wp\/v2\/comments?post=9423"}],"version-history":[{"count":5,"href":"https:\/\/www.elbacasavacanze.com\/de\/wp-json\/wp\/v2\/pages\/9423\/revisions"}],"predecessor-version":[{"id":9569,"href":"https:\/\/www.elbacasavacanze.com\/de\/wp-json\/wp\/v2\/pages\/9423\/revisions\/9569"}],"wp:attachment":[{"href":"https:\/\/www.elbacasavacanze.com\/de\/wp-json\/wp\/v2\/media?parent=9423"}],"curies":[{"name":"wp","href":"https:\/\/api.w.org\/{rel}","templated":true}]}}